{"id":8846,"date":"2025-04-29T07:00:38","date_gmt":"2025-04-29T07:00:38","guid":{"rendered":"https:\/\/editorapangeia.com.br\/?post_type=product&#038;p=8846"},"modified":"2025-05-06T20:18:28","modified_gmt":"2025-05-06T20:18:28","slug":"brasil-golpe-ditadura-educacao-pdf-livro","status":"publish","type":"product","link":"https:\/\/editorapangeia.com.br\/pt_br\/product\/brasil-golpe-ditadura-educacao-pdf-livro\/","title":{"rendered":"Brasil: golpe, ditadura e educa\u00e7\u00e3o, Nima Spigolon (Org.), D\u00e9bora Mazza (Org.)"},"content":{"rendered":"<p>Al\u00e9m das reflex\u00f5es e estudos, este livro traz entrevistas e depoimentos que se constituem em fontes prim\u00e1rias para conhecimento do per\u00edodo referenciado.<\/p>\n<p style=\"text-align: center;\"><img loading=\"lazy\" decoding=\"async\" class=\"alignnone wp-image-8761\" src=\"http:\/\/editorapangeia.com.br\/wp-content\/uploads\/2022\/03\/lombada-20x300.png\" alt=\"\" width=\"26\" height=\"390\" srcset=\"https:\/\/editorapangeia.com.br\/wp-content\/uploads\/2022\/03\/lombada-20x300.png 20w, https:\/\/editorapangeia.com.br\/wp-content\/uploads\/2022\/03\/lombada-137x2048.png 137w, https:\/\/editorapangeia.com.br\/wp-content\/uploads\/2022\/03\/lombada-87x1300.png 87w, https:\/\/editorapangeia.com.br\/wp-content\/uploads\/2022\/03\/lombada.png 167w\" sizes=\"auto, (max-width: 26px) 100vw, 26px\" \/><\/p>\n<p>Para mais informa\u00e7\u00f5es sobre o livro, leia a resenha TEXTOS QUE N\u00c3O PODEMOS PERDER, da Editora-Executiva da Pangeia Editorial, Profa. Claudia Amoroso Bortolato, profa. colaboradora na UNICAMP, clicando <b><a href=\"https:\/\/editorapangeia.com.br\/brasil-golpe-ditadura-educacao\/\"><strong>AQUI<\/strong><\/a><\/b>.<\/p>\n<p>As organizadoras do livro, Nima Spigolon e D\u00e9bora Mazza, s\u00e3o professoras da UNICAMP, institui\u00e7\u00e3o que abrigou os Semin\u00e1rios que deram origem ao livro. Eis o sum\u00e1rio da obra, com os t\u00edtulos dos cap\u00edtulos e respectivos autores:<\/p>\n<div class=\"page\" title=\"Page 7\">\n<div class=\"layoutArea\">\n<div class=\"column\">\n<p>1 \u2014 APRESENTAC\u0327A\u0303O<\/p>\n<p>Pra na\u0303o dizerem que na\u0303o florescem flores na educac\u0327a\u0303o \u2013 golpes, ditaduras e o Brasil.<br \/>\nNima Spigolon<\/p>\n<p>2 \u2014 FONTES:\u00a0TEO\u0301RICAS E SO\u0301CIO-HISTO\u0301RICAS<\/p>\n<p>Golpe, ditadura e educac\u0327a\u0303o: trage\u0301dia ou farsa?<br \/>\nDe\u0301bora Mazza<\/p>\n<p>Os discursos poli\u0301ticos de Getu\u0301lio Vargas sobre os golpes de 1930 e 1937 e sua poli\u0301tica educacional<br \/>\nJose\u0301 Carlos Souza Arau\u0301jo<\/p>\n<p>1968: Tre\u0302s estudantes assassinados.\u00a0E se fosse um filho seu?<br \/>\nMaria Ribeiro do Valle e\u00a0Marcelo Ribeiro do Valle Gomes<\/p>\n<p>Mudanc\u0327as educacionais, culturais e simbo\u0301licas\u00a0que abalam o Brasil<br \/>\nMarcelo Ridenti<\/p>\n<p>3 \u2014 FONTES PRIMA\u0301RIAS:\u00a0RESISTE\u0302NCIA E MEMO\u0301RIA<\/p>\n<p>1961-1964: do golpe fracassado ao golpe\u00a0triunfante \u2014 nacionalistas versus gorilas nos conturbados anos de Jango<br \/>\nBarnabe\u0301 Medeiros Filho<\/p>\n<\/div>\n<\/div>\n<\/div>\n<div class=\"page\" title=\"Page 8\">\n<div class=\"layoutArea\">\n<div class=\"column\">\n<p>Incivilizaca\u0303o, democracia e barba\u0301rie:\u00a0a ditadura na\u0303o morreu<br \/>\nEdio\u0301genes Araga\u0303o Santos<\/p>\n<p>Golpes, retrocessos e resiste\u0302ncias!<br \/>\nMaria Ame\u0301lia de Almeida Teles<\/p>\n<p>52 anos de golpe de 1964 no Brasil<br \/>\nMarijane Vieira Lisboa<\/p>\n<p>QUEM SOMOS<\/p>\n<\/div>\n<\/div>\n<\/div>\n<p style=\"text-align: center;\"><strong>A Ficha T\u00e9cnica do livro registra os seguintes dados:<\/strong><br \/>\nCapa: Willia Ka\u0301tia Oliveira<br \/>\nRevisa\u0303o e preparac\u0327a\u0303o dos originais: Bruna Campos<br \/>\nDiagramac\u0327a\u0303o e revisa\u0303o final: Edson Angelo Muniz<br \/>\nPangeia Editorial: Claudia Bortolato<br \/>\nTexto da \u00faltima capa: Sofia Bonuccelli Heringer Lisboa<br \/>\nO volume f\u00edsico da obra tem 200 p\u00e1ginas.<\/p>\n<p>O texto da \u00faltima capa \u00e9 assinado por Sofia B.H. Lisboa, licenciada em Pedagogia na UNICAMP (2020), atualmente Mestranda em Pol\u00edticas P\u00fablicas e Forma\u00e7\u00e3o Humana na UERJ.<\/p>\n<p style=\"text-align: center;\"><strong>Para mais\u00a0<\/strong><b>informa\u00e7\u00f5es sobre o livro clique\u00a0<span style=\"color: #993366;\"><a style=\"color: #993366;\" href=\"https:\/\/editorapangeia.com.br\/brasil-golpe-ditadura-educacao\/\"><strong>AQUI<\/strong><\/a><\/span>.<\/b><\/p>\n<p style=\"text-align: center;\"><strong>Conhe\u00e7a nossos mais recentes lan\u00e7amentos<br \/>\ncom o tema deste livro:<br \/>\n<\/strong><span style=\"color: #ff6600;\"><strong><a style=\"color: #ff6600;\" href=\"https:\/\/editorapangeia.com.br\/?s=golpe+ditadura+educa\u00e7\u00e3o\">Aqui<\/a><\/strong><\/span> e<span style=\"color: #333300;\"><a style=\"color: #333300;\" href=\"https:\/\/editorapangeia.com.br\/elza-freire-8-de-marco-e-o-dia-da-mulher\/\"><strong> Aqui<\/strong><\/a><\/span><\/p>\n<blockquote>\n<p style=\"text-align: center;\">Confira lan\u00e7amentos em pr\u00e9-venda na Plataforma Gondwana da Pangeia Editorial:<\/p>\n<p style=\"text-align: center;\">Clique <a href=\"https:\/\/editorapangeia.com.br\/gondwana-2\/\"><span style=\"color: #ff0000;\"><strong>AQUI<\/strong><\/span><\/a>.<\/p>\n<\/blockquote>\n","protected":false},"excerpt":{"rendered":"<p>Um livro necess\u00e1rio, fruto de semin\u00e1rios potentes, seja na interface te\u00f3rico-metodol\u00f3gica, seja em decorr\u00eancia dos depoimentos, pungentes depoimentos de pessoas, sujeitos hist\u00f3ricos, que vivenciaram na pele os desmandos, arbitrariedades, viol\u00eancias e torturas f\u00edsicas e psicol\u00f3gicas impostas por agentes a servi\u00e7o de governos golpistas e autorit\u00e1rios.<\/p>\n<p>Em promo\u00e7\u00e3o at\u00e9 10\/06\/2025.<\/p>\n","protected":false},"featured_media":8758,"comment_status":"open","ping_status":"closed","template":"","meta":[],"product_brand":[],"product_cat":[4083],"product_tag":[770,4398,767,4405,544,3171,2151,1170,529,4401,526,768,453,4400,4397,351,531,231,527,525,4396,763,4407,765,766,769,764,771,314,528,3995,4408,4399,4411,4410,1224,4412,524,4406,4409,199,762,761,4402,530,3994,3996,4404,4403],"class_list":{"0":"post-8846","1":"product","2":"type-product","3":"status-publish","4":"has-post-thumbnail","6":"product_cat-educacaoensino","7":"product_tag-amellinha-teles","8":"product_tag-aprender-e-ensinar","9":"product_tag-barnabe-medeiros-filho","10":"product_tag-biobibliografia-de-paulo-freire","11":"product_tag-biografia","12":"product_tag-cadernos-de-docencia","13":"product_tag-capes","14":"product_tag-cidadao-sociedade","15":"product_tag-debora-mazza","16":"product_tag-depoimentos-sobre-paulo-freire","17":"product_tag-ditadura","18":"product_tag-ediogenes-aragao-santos","19":"product_tag-educacao","20":"product_tag-educador-do-brasil","21":"product_tag-educador-paulo-freire","22":"product_tag-ensino","23":"product_tag-faculdade-de-educacao","24":"product_tag-filosofia","25":"product_tag-fontes-primarias","26":"product_tag-golpe","27":"product_tag-historia-de-vida-uma-historia-de-vida","28":"product_tag-jose-carlos-souza-araujo","29":"product_tag-legado-de-paulo-freire","30":"product_tag-marcelo-ribeiro-do-valle-gomes","31":"product_tag-marcelo-ridenti","32":"product_tag-maria-amelia-de-almeida-teles","33":"product_tag-maria-ribeiro-do-valle","34":"product_tag-marijane-vieira-lisboa","35":"product_tag-memoria","36":"product_tag-nima-spigolon","37":"product_tag-obra","38":"product_tag-paulo-freire-prisao-exilio-universidade","39":"product_tag-paulo-freire-presente","40":"product_tag-pedagogia-da-amorosidade","41":"product_tag-pedagogia-da-autonomia","42":"product_tag-pedagogia-da-convivencia","43":"product_tag-pedagogia-do-esperancar","44":"product_tag-politica","45":"product_tag-pratica-docente-de-paulo-freire","46":"product_tag-saber-e-fazer-em-paulo-freire","47":"product_tag-sociedade","48":"product_tag-sofia-b-h-lisboa","49":"product_tag-sofia-bonuccelli-heringer-lisboa","50":"product_tag-testemunhos-sobre-paulo-freire","51":"product_tag-unicamp","52":"product_tag-vida","53":"product_tag-vida-e-obra","54":"product_tag-vida-e-obra-de-paulo-freire","55":"product_tag-vida-e-praxis-de-paulo-freire","57":"first","58":"instock","59":"taxable","60":"shipping-taxable","61":"product-type-grouped"},"_links":{"self":[{"href":"https:\/\/editorapangeia.com.br\/pt_br\/wp-json\/wp\/v2\/product\/8846","targetHints":{"allow":["GET"]}}],"collection":[{"href":"https:\/\/editorapangeia.com.br\/pt_br\/wp-json\/wp\/v2\/product"}],"about":[{"href":"https:\/\/editorapangeia.com.br\/pt_br\/wp-json\/wp\/v2\/types\/product"}],"replies":[{"embeddable":true,"href":"https:\/\/editorapangeia.com.br\/pt_br\/wp-json\/wp\/v2\/comments?post=8846"}],"wp:featuredmedia":[{"embeddable":true,"href":"https:\/\/editorapangeia.com.br\/pt_br\/wp-json\/wp\/v2\/media\/8758"}],"wp:attachment":[{"href":"https:\/\/editorapangeia.com.br\/pt_br\/wp-json\/wp\/v2\/media?parent=8846"}],"wp:term":[{"taxonomy":"product_brand","embeddable":true,"href":"https:\/\/editorapangeia.com.br\/pt_br\/wp-json\/wp\/v2\/product_brand?post=8846"},{"taxonomy":"product_cat","embeddable":true,"href":"https:\/\/editorapangeia.com.br\/pt_br\/wp-json\/wp\/v2\/product_cat?post=8846"},{"taxonomy":"product_tag","embeddable":true,"href":"https:\/\/editorapangeia.com.br\/pt_br\/wp-json\/wp\/v2\/product_tag?post=8846"}],"curies":[{"name":"wp","href":"https:\/\/api.w.org\/{rel}","templated":true}]}}