{"id":13,"date":"2017-05-04T15:49:44","date_gmt":"2017-05-04T15:49:44","guid":{"rendered":"https:\/\/editorapangeia.com.br\/?page_id=13"},"modified":"2025-12-08T18:27:34","modified_gmt":"2025-12-08T18:27:34","slug":"home","status":"publish","type":"page","link":"https:\/\/editorapangeia.com.br\/pt_br\/","title":{"rendered":"Home"},"content":{"rendered":"<p>\r\n<section class=\"pos-r  \"  id=\"shortcode-b64470d29af9d9144cf746822c0fd0f8\" >\r\n\t\t<div class=\"fw-container\">\r\n\t\t<div class=\"fw-row\">\r\n\t\t\t<div class=\"SpecialHeading fw-heading  text-center mt-20 mb-60  \" id=\"shortcode-c83135b23e053f6bae8d00b8cd99e59e\" >\r\n\t\t\t\t\t<h3 class=\"special-title special-heading-letter\">Destaques<\/h3>\t<\/div>\r\n\r\n<div class=\"BooksPanel  \" id=\"shortcode-d48d699c17074d750894bd3c5e842e14\" >\r\n\t\r\n\t<div class=\"books-panel-container mt-40 row\">\r\n\r\n\t\r\n\t<div class=\"books-panel-item col-sm-6 col-xs-6\">\r\n\t\t<a href=\"https:\/\/editorapangeia.com.br\/pt_br\/product\/elza-freire-ee-paulo-freire-fotobiografia-nima-spigolon\/\" class=\"books-panel-item-wrap is-book-panel-trigger\" data-panel-show=\"20423\">\r\n\t\t\t\t\t\t\t\t\t<div class=\"book-thumb-img-wrap has-edge has-edge-thin\">\r\n\t\t\t\t<img loading=\"lazy\" decoding=\"async\" width=\"484\" height=\"700\" src=\"https:\/\/editorapangeia.com.br\/wp-content\/uploads\/2025\/10\/10439311-8F6A-4FBB-ADCF-DD575C8BC068-484x700.jpeg\" class=\"attachment-odrin_medium_soft size-odrin_medium_soft wp-post-image\" alt=\"\" srcset=\"https:\/\/editorapangeia.com.br\/wp-content\/uploads\/2025\/10\/10439311-8F6A-4FBB-ADCF-DD575C8BC068-484x700.jpeg 484w, https:\/\/editorapangeia.com.br\/wp-content\/uploads\/2025\/10\/10439311-8F6A-4FBB-ADCF-DD575C8BC068-207x300.jpeg 207w, https:\/\/editorapangeia.com.br\/wp-content\/uploads\/2025\/10\/10439311-8F6A-4FBB-ADCF-DD575C8BC068-8x12.jpeg 8w, https:\/\/editorapangeia.com.br\/wp-content\/uploads\/2025\/10\/10439311-8F6A-4FBB-ADCF-DD575C8BC068-276x400.jpeg 276w, https:\/\/editorapangeia.com.br\/wp-content\/uploads\/2025\/10\/10439311-8F6A-4FBB-ADCF-DD575C8BC068.jpeg 496w\" sizes=\"auto, (max-width: 484px) 100vw, 484px\" \/>\t\t\t<\/div>\r\n\t\t\t\t\t\t<h2 class=\"book-thumb-title\">Elza Freire e Paulo Freire: Fotobiografia, Nima Spigolon<\/h2>\r\n\t\t<\/a>\r\n\t<\/div><!-- end books-panel-item -->\r\n\r\n\t\r\n\t<div class=\"books-panel-item col-sm-6 col-xs-6\">\r\n\t\t<a href=\"https:\/\/editorapangeia.com.br\/pt_br\/product\/elza-freire-e-paulo-freire-noites-de-exilio-dias-de-utopia\/\" class=\"books-panel-item-wrap is-book-panel-trigger\" data-panel-show=\"14628\">\r\n\t\t\t\t\t\t\t\t\t<div class=\"book-thumb-img-wrap has-edge has-edge-thin\">\r\n\t\t\t\t<img loading=\"lazy\" decoding=\"async\" width=\"496\" height=\"700\" src=\"https:\/\/editorapangeia.com.br\/wp-content\/uploads\/2024\/09\/copia-de-01-capa-scaled.jpg\" class=\"attachment-odrin_medium_soft size-odrin_medium_soft wp-post-image\" alt=\"\" srcset=\"https:\/\/editorapangeia.com.br\/wp-content\/uploads\/2024\/09\/copia-de-01-capa-scaled.jpg 1813w, https:\/\/editorapangeia.com.br\/wp-content\/uploads\/2024\/09\/copia-de-01-capa-212x300.jpg 212w, https:\/\/editorapangeia.com.br\/wp-content\/uploads\/2024\/09\/copia-de-01-capa-725x1024.jpg 725w, https:\/\/editorapangeia.com.br\/wp-content\/uploads\/2024\/09\/copia-de-01-capa-768x1084.jpg 768w\" sizes=\"auto, (max-width: 496px) 100vw, 496px\" \/>\t\t\t<\/div>\r\n\t\t\t\t\t\t<h2 class=\"book-thumb-title\">Elza Freire e Paulo Freire &#8211; Vol. 2: noites de ex\u00edlio, dias de utopia, Nima Spigolon<\/h2>\r\n\t\t<\/a>\r\n\t<\/div><!-- end books-panel-item -->\r\n\r\n\t\t\t\r\n\t<\/div><!-- end books-panel-container -->\r\n\r\n\r\n\t<div class=\"books-panel-info is-sticky-kit\">\r\n\r\n\t\t\r\n\t\t\r\n\t\t\r\n\t\t<div class=\"books-panel-info-inner mt-80\" data-panel-id=\"20423\">\r\n\t\t\t\t\t\t<a href=\"https:\/\/editorapangeia.com.br\/pt_br\/product\/elza-freire-ee-paulo-freire-fotobiografia-nima-spigolon\/\"><h2 class=\"book-panel-info-title\">Elza Freire e Paulo Freire: Fotobiografia, Nima Spigolon<\/h2><\/a>\r\n\t\t\t<div class=\"book-panel-info-categories dash-left dash-dark\"><a href=\"https:\/\/editorapangeia.com.br\/pt_br\/product-category\/livros\/biografia\/\" rel=\"tag\">Biografia<\/a>, <a href=\"https:\/\/editorapangeia.com.br\/pt_br\/product-category\/livros\/educacaoensino\/\" rel=\"tag\">Educa\u00e7\u00e3o e Ensino<\/a><\/div>\t\t\t<div class=\"book-panel-info-description\">\r\n\t\t\t\r\n\t\t\t\t<p>A fotobiografia de Elza e Paulo Freire apresenta a trajet\u00f3ria do casal que revolucionou a educa\u00e7\u00e3o brasileira e mundial, unindo vida e obra em uma hist\u00f3ria de amor, resist\u00eancia e humanismo. Fruto de quase duas d\u00e9cadas de pesquisa de Nima Spigolon, o livro re\u00fane documentos, cartas e fotografias in\u00e9ditas que revelam o papel essencial de Elza na forma\u00e7\u00e3o do pensamento pol\u00edtico-pedag\u00f3gico de Paulo Freire. Da vida em Recife ao ex\u00edlio e ao retorno ao Brasil, a obra resgata mem\u00f3rias, afetos e lutas compartilhadas.<\/p>\n<p><strong>Nima Spigolon<\/strong> nasceu em Rio Verde (GO) em 1971; radicada em Ituiutaba, MG, desde a primeira inf\u00e2ncia, \u00e9 cidad\u00e3o ituiutabana, t\u00edtulo que recebeu em setembro de 2007 da C\u00e2mara de Vereadores da cidade. \u00c9 pedagoga, professora e pesquisadora brasileira. Doutora em Educa\u00e7\u00e3o pela Universidade Estadual de Campinas (Unicamp), atua como docente na mesma institui\u00e7\u00e3o. \u00c9 refer\u00eancia nos estudos sobre Educa\u00e7\u00e3o Popular, Paulo Freire e Elza Freire, com destaque para sua obra <em>Elza Freire e Paulo Freire: noites de ex\u00edlio, dias de utopia<\/em> (Editora Pangeia), vencedora do Pr\u00eamio Jabuti Acad\u00eamico 2024 em Educa\u00e7\u00e3o e Ensino. Coordena o GEPEJA (Grupo de Estudos e Pesquisas em Educa\u00e7\u00e3o de Jovens e Adultos) e integra redes como ANPED, ANPUH, ABRESC, o Observat\u00f3rio Paulo Freire e o Observat\u00f3rio da Desinforma\u00e7\u00e3o. Sua produ\u00e7\u00e3o acad\u00eamica e liter\u00e1ria (fic\u00e7\u00e3o e poesia) articula mem\u00f3ria, pol\u00edtica, forma\u00e7\u00e3o docente e justi\u00e7a social.<\/p>\n<p><strong>Por Samantha Lodi:<\/strong><br \/>\nNima, enquanto pesquisadora, demonstrou sua excel\u00eancia. S\u00e3o diversos arquivos visitados, um minucioso levantamento de obras interligadas ao per\u00edodo de estudo, entrevistas aqui no Brasil e no exterior, com destaque \u00e0s investiga\u00e7\u00f5es realizadas em Cabo Verde e Guin\u00e9-Bissau, na \u00c1frica. Fica evidente a originalidade de colocar no centro de sua narrativa Elza Freire, ainda t\u00e3o pouco conhecida por n\u00f3s brasileiros, sem deixar de fazer as conex\u00f5es familiares da mulher, educadora, esposa, m\u00e3e e camarada. Como escritora, Nima eleva nossa imagina\u00e7\u00e3o e criatividade, ao mesmo tempo em que nos aproxima da vida dos Freire.<\/p>\n\t\t\t\t\r\n\t\t\t\t\t\t\t\t\t<div class=\"book-panel-price mt-40 mb-40\">\r\n\t\t\t\t\t\t<span class=\"price-text font-heading\"><del><span class=\"woocommerce-Price-amount amount\"><span class=\"woocommerce-Price-currencySymbol\">&#082;&#036;<\/span>148,90<\/span><\/del> <span><span class=\"woocommerce-Price-amount amount\"><span class=\"woocommerce-Price-currencySymbol\">&#082;&#036;<\/span>65,00<\/span><\/span><\/span>\r\n\t\t\t\t\t<\/div>\r\n\t\t\t\t\t\t\t\t\t\t\t\t<a href=\"https:\/\/editorapangeia.com.br\/pt_br\/product\/elza-freire-ee-paulo-freire-fotobiografia-nima-spigolon\/\" class=\"special-link\">Veja o livro<\/a>\r\n\t\t\t\t<\/a><a href=\"\/pt_br\/wp-json\/wp\/v2\/pages\/13?add-to-cart=20423\" aria-describedby=\"woocommerce_loop_add_to_cart_link_describedby_20423\" data-quantity=\"1\" class=\"special-link product_type_simple ajax_add_to_cart\" data-product_id=\"20423\" data-product_sku=\"\" aria-label=\"Adicione ao carrinho: &ldquo;Elza Freire e Paulo Freire: Fotobiografia, Nima Spigolon&rdquo;\" rel=\"nofollow\" data-success_message=\"\u201cElza Freire e Paulo Freire: Fotobiografia, Nima Spigolon\u201d foi adicionado ao seu carrinho\">Comprar<\/a>\t<span id=\"woocommerce_loop_add_to_cart_link_describedby_20423\" class=\"screen-reader-text\">\n\t\t\t<\/span>\n\t\t\t<\/div>\r\n\t\t<\/div><!-- end books-panel-info-inner -->\r\n\r\n\t\r\n\t\t\r\n\t\t\r\n\t\t<div class=\"books-panel-info-inner mt-80\" data-panel-id=\"14628\">\r\n\t\t\t\t\t\t<a href=\"https:\/\/editorapangeia.com.br\/pt_br\/product\/elza-freire-e-paulo-freire-noites-de-exilio-dias-de-utopia\/\"><h2 class=\"book-panel-info-title\">Elza Freire e Paulo Freire &#8211; Vol. 2: noites de ex\u00edlio, dias de utopia, Nima Spigolon<\/h2><\/a>\r\n\t\t\t<div class=\"book-panel-info-categories dash-left dash-dark\"><a href=\"https:\/\/editorapangeia.com.br\/pt_br\/product-category\/livros\/educacaoensino\/\" rel=\"tag\">Educa\u00e7\u00e3o e Ensino<\/a>, <a href=\"https:\/\/editorapangeia.com.br\/pt_br\/product-category\/livros\/premiojabuti\/\" rel=\"tag\">Pr\u00eamio Jabuti Acad\u00eamico 2024<\/a><\/div>\t\t\t<div class=\"book-panel-info-description\">\r\n\t\t\t\r\n\t\t\t\t<p>Com este livro, <strong><em>Elza Freire e Paulo Freire: Noites de Ex\u00edlio, Dias de Utopia<\/em><\/strong>, a Profa. Nima Spigolon (Unicamp) recebeu o Pr\u00eamio Jabuti Acad\u00eamico 2024 na categoria Educa\u00e7\u00e3o e Ensino em evento da C\u00e2mara Brasileira do Livro, CBL, que ocorreu na noite de 6 de agosto de 2024 no Teatro S\u00e9rgio Cardoso, em S\u00e3o Paulo.<\/p>\n<p style=\"text-align: center;\"><img loading=\"lazy\" decoding=\"async\" class=\"alignnone size-medium wp-image-15861\" src=\"http:\/\/editorapangeia.com.br\/wp-content\/uploads\/2024\/08\/b8e4558d-d379-4bf6-895d-0a796042425c-240x300.jpg\" alt=\"\" width=\"240\" height=\"300\" srcset=\"https:\/\/editorapangeia.com.br\/wp-content\/uploads\/2024\/08\/b8e4558d-d379-4bf6-895d-0a796042425c-240x300.jpg 240w, https:\/\/editorapangeia.com.br\/wp-content\/uploads\/2024\/08\/b8e4558d-d379-4bf6-895d-0a796042425c-819x1024.jpg 819w, https:\/\/editorapangeia.com.br\/wp-content\/uploads\/2024\/08\/b8e4558d-d379-4bf6-895d-0a796042425c-768x960.jpg 768w, https:\/\/editorapangeia.com.br\/wp-content\/uploads\/2024\/08\/b8e4558d-d379-4bf6-895d-0a796042425c-1229x1536.jpg 1229w, https:\/\/editorapangeia.com.br\/wp-content\/uploads\/2024\/08\/b8e4558d-d379-4bf6-895d-0a796042425c-700x875.jpg 700w, https:\/\/editorapangeia.com.br\/wp-content\/uploads\/2024\/08\/b8e4558d-d379-4bf6-895d-0a796042425c-320x400.jpg 320w, https:\/\/editorapangeia.com.br\/wp-content\/uploads\/2024\/08\/b8e4558d-d379-4bf6-895d-0a796042425c-560x700.jpg 560w, https:\/\/editorapangeia.com.br\/wp-content\/uploads\/2024\/08\/b8e4558d-d379-4bf6-895d-0a796042425c-1040x1300.jpg 1040w, https:\/\/editorapangeia.com.br\/wp-content\/uploads\/2024\/08\/b8e4558d-d379-4bf6-895d-0a796042425c.jpg 1280w\" sizes=\"auto, (max-width: 240px) 100vw, 240px\" \/><\/p>\n<p>Neste livro, voce\u0302 descobre que sem Elza na\u0303o haveria Paulo, e convive, na intimidade, com histo\u0301rias sa\u0301bias e amorosas de Paulo Freire, de Elza Freire e dos cinco filhos do casal: Madalena, Cristina, Fa\u0301tima, Joaquim e Lutgardes. Os Freires, agora est\u00e3o no ex\u00edlio, em decorr\u00eancia do Golpe de Estado que ocorreu em 1\u00ba de abril de 1964; no ex\u00edlio, passam por Chile, Estados Unidos, Su\u00ed\u00e7a, Cabo Verde e Guin\u00e9-Bissau.<\/p>\n<p style=\"text-align: center;\">\n\t\t\t\t\r\n\t\t\t\t\t\t\t\t\t<div class=\"book-panel-price mt-40 mb-40\">\r\n\t\t\t\t\t\t<span class=\"price-text font-heading\">\t\t\t<span class=\"woocommerce-Price-amount amount font-heading\">\r\n\t\t\t\t<span class=\"woocommerce-Price-amount amount\"><span class=\"woocommerce-Price-currencySymbol\">&#082;&#036;<\/span>229,90<\/span>\t\t\t<\/span>\r\n\t\t\t<\/span>\r\n\t\t\t\t\t<\/div>\r\n\t\t\t\t\t\t\t\t\t\t\t\t<a href=\"https:\/\/editorapangeia.com.br\/pt_br\/product\/elza-freire-e-paulo-freire-noites-de-exilio-dias-de-utopia\/\" class=\"special-link\">Veja o livro<\/a>\r\n\t\t\t\t<\/a><a href=\"\/pt_br\/wp-json\/wp\/v2\/pages\/13?add-to-cart=14628\" aria-describedby=\"woocommerce_loop_add_to_cart_link_describedby_14628\" data-quantity=\"1\" class=\"special-link product_type_simple ajax_add_to_cart\" data-product_id=\"14628\" data-product_sku=\"\" aria-label=\"Adicione ao carrinho: &ldquo;Elza Freire e Paulo Freire - Vol. 2: noites de ex\u00edlio, dias de utopia, Nima Spigolon&rdquo;\" rel=\"nofollow\" data-success_message=\"\u201cElza Freire e Paulo Freire - Vol. 2: noites de ex\u00edlio, dias de utopia, Nima Spigolon\u201d foi adicionado ao seu carrinho\">Comprar<\/a>\t<span id=\"woocommerce_loop_add_to_cart_link_describedby_14628\" class=\"screen-reader-text\">\n\t\t\t<\/span>\n\t\t\t<\/div>\r\n\t\t<\/div><!-- end books-panel-info-inner -->\r\n\r\n\t\r\n\t\t\r\n\t<\/div><!-- end books-panel-info -->\r\n\r\n\t\t\r\n<\/div> <!-- end BooksPanel -->\r\n\r\n<div class=\"spacer \" id=\"shortcode-590229318dbcf71d9f0658ea9b6b38ae\"><\/div><div class=\"SpecialHeading fw-heading  text-center mt-20 mb-60  \" id=\"shortcode-d0c513a5489f987351b60e5c82384e8e\" >\r\n\t\t\t\t\t<h3 class=\"special-title special-heading-letter\">Lan\u00e7amentos<\/h3>\t<\/div>\r\n\r\n<div class=\"RecentBooks  \" id=\"shortcode-6baf1cd0f20bef27b75fb0f1e2164cee\" >\r\n\t\r\n\t<div class=\"recent-books-container\">\r\n\r\n\t<div class=\"woocommerce columns-5 \"><ul class=\"products columns-4\">\n<li class=\"product type-product post-23104 status-publish first onbackorder product_cat-pre-venda product_cat-contos product_tag-contos product_tag-cotidiano product_tag-feminismo product_tag-igualdade product_tag-literatura product_tag-mulher product_tag-mulheres product_tag-poesia has-post-thumbnail sale taxable shipping-taxable purchasable product-type-simple\">\n\t<a href=\"https:\/\/editorapangeia.com.br\/pt_br\/product\/os-dias-iguais-rita-de-cassia-silva-dionisio-santos\/\" class=\"woocommerce-LoopProduct-link\"><div class=\"loopProduct-image-wrap\"><div class=\"loopProduct-shadow\"><\/div>\r\n\t<span class=\"onsale\">Sale!<\/span>\r\n<img loading=\"lazy\" decoding=\"async\" width=\"430\" height=\"700\" src=\"https:\/\/editorapangeia.com.br\/wp-content\/uploads\/2026\/08\/FRENTE-Capa-Os-dias-iguais-430x700.webp\" class=\"attachment-odrin_medium_soft size-odrin_medium_soft\" alt=\"Os dias iguais, Rita de C\u00e1ssia Silva Dion\u00edsio Santos\" srcset=\"https:\/\/editorapangeia.com.br\/wp-content\/uploads\/2026\/08\/FRENTE-Capa-Os-dias-iguais-430x700.webp 430w, https:\/\/editorapangeia.com.br\/wp-content\/uploads\/2026\/08\/FRENTE-Capa-Os-dias-iguais-184x300.webp 184w, https:\/\/editorapangeia.com.br\/wp-content\/uploads\/2026\/08\/FRENTE-Capa-Os-dias-iguais-629x1024.webp 629w, https:\/\/editorapangeia.com.br\/wp-content\/uploads\/2026\/08\/FRENTE-Capa-Os-dias-iguais-768x1251.webp 768w, https:\/\/editorapangeia.com.br\/wp-content\/uploads\/2026\/08\/FRENTE-Capa-Os-dias-iguais-7x12.webp 7w, https:\/\/editorapangeia.com.br\/wp-content\/uploads\/2026\/08\/FRENTE-Capa-Os-dias-iguais-700x1140.webp 700w, https:\/\/editorapangeia.com.br\/wp-content\/uploads\/2026\/08\/FRENTE-Capa-Os-dias-iguais-246x400.webp 246w, https:\/\/editorapangeia.com.br\/wp-content\/uploads\/2026\/08\/FRENTE-Capa-Os-dias-iguais-798x1300.webp 798w, https:\/\/editorapangeia.com.br\/wp-content\/uploads\/2026\/08\/FRENTE-Capa-Os-dias-iguais.webp 836w\" sizes=\"auto, (max-width: 430px) 100vw, 430px\" \/><\/div><h2 class=\"woocommerce-loop-product__title\">Os dias iguais, Rita de C\u00e1ssia Silva Dion\u00edsio Santos<\/h2>\n\t<span class=\"price\"><del><span class=\"woocommerce-Price-amount amount\"><bdi><span class=\"woocommerce-Price-currencySymbol\">&#82;&#36;<\/span>59,90<\/bdi><\/span><\/del> <span><span class=\"woocommerce-Price-amount amount\"><bdi><span class=\"woocommerce-Price-currencySymbol\">&#82;&#36;<\/span>49,71<\/bdi><\/span><\/span><\/span>\n<\/a><a href=\"\/pt_br\/wp-json\/wp\/v2\/pages\/13?add-to-cart=23104\" aria-describedby=\"woocommerce_loop_add_to_cart_link_describedby_23104\" data-quantity=\"1\" class=\"special-link product_type_simple ajax_add_to_cart\" data-product_id=\"23104\" data-product_sku=\"\" aria-label=\"Adicione ao carrinho: &ldquo;Os dias iguais, Rita de C\u00e1ssia Silva Dion\u00edsio Santos&rdquo;\" rel=\"nofollow\" data-success_message=\"\u201cOs dias iguais, Rita de C\u00e1ssia Silva Dion\u00edsio Santos\u201d foi adicionado ao seu carrinho\">Comprar<\/a>\t<span id=\"woocommerce_loop_add_to_cart_link_describedby_23104\" class=\"screen-reader-text\">\n\t\t\t<\/span>\n<\/li>\n<li class=\"product type-product post-23021 status-publish onbackorder product_cat-filosofia product_cat-pre-venda product_tag-direito product_tag-etica product_tag-filosofia product_tag-grecia product_tag-metafisica product_tag-modernidade product_tag-pos-modernidade product_tag-psicologia has-post-thumbnail sale taxable shipping-taxable purchasable product-type-simple\">\n\t<a href=\"https:\/\/editorapangeia.com.br\/pt_br\/product\/etica-metafisica-e-pos-modernidade-ricardo-nunes\/\" class=\"woocommerce-LoopProduct-link\"><div class=\"loopProduct-image-wrap\"><div class=\"loopProduct-shadow\"><\/div>\r\n\t<span class=\"onsale\">Sale!<\/span>\r\n<img loading=\"lazy\" decoding=\"async\" width=\"431\" height=\"700\" src=\"https:\/\/editorapangeia.com.br\/wp-content\/uploads\/2026\/08\/FRENTE-Capa-Etica_-Metafisica-e-Pos-Modernidade-431x700.webp\" class=\"attachment-odrin_medium_soft size-odrin_medium_soft\" alt=\"\u00c9tica, Metaf\u00edsica e P\u00f3s-Modernidade, Ricardo Nunes\" srcset=\"https:\/\/editorapangeia.com.br\/wp-content\/uploads\/2026\/08\/FRENTE-Capa-Etica_-Metafisica-e-Pos-Modernidade-431x700.webp 431w, https:\/\/editorapangeia.com.br\/wp-content\/uploads\/2026\/08\/FRENTE-Capa-Etica_-Metafisica-e-Pos-Modernidade-185x300.webp 185w, https:\/\/editorapangeia.com.br\/wp-content\/uploads\/2026\/08\/FRENTE-Capa-Etica_-Metafisica-e-Pos-Modernidade-630x1024.webp 630w, https:\/\/editorapangeia.com.br\/wp-content\/uploads\/2026\/08\/FRENTE-Capa-Etica_-Metafisica-e-Pos-Modernidade-768x1248.webp 768w, https:\/\/editorapangeia.com.br\/wp-content\/uploads\/2026\/08\/FRENTE-Capa-Etica_-Metafisica-e-Pos-Modernidade-7x12.webp 7w, https:\/\/editorapangeia.com.br\/wp-content\/uploads\/2026\/08\/FRENTE-Capa-Etica_-Metafisica-e-Pos-Modernidade-700x1138.webp 700w, https:\/\/editorapangeia.com.br\/wp-content\/uploads\/2026\/08\/FRENTE-Capa-Etica_-Metafisica-e-Pos-Modernidade-246x400.webp 246w, https:\/\/editorapangeia.com.br\/wp-content\/uploads\/2026\/08\/FRENTE-Capa-Etica_-Metafisica-e-Pos-Modernidade-800x1300.webp 800w, https:\/\/editorapangeia.com.br\/wp-content\/uploads\/2026\/08\/FRENTE-Capa-Etica_-Metafisica-e-Pos-Modernidade.webp 838w\" sizes=\"auto, (max-width: 431px) 100vw, 431px\" \/><\/div><h2 class=\"woocommerce-loop-product__title\">\u00c9tica, Metaf\u00edsica e P\u00f3s-Modernidade, Ricardo Nunes<\/h2>\n\t<span class=\"price\"><del><span class=\"woocommerce-Price-amount amount\"><bdi><span class=\"woocommerce-Price-currencySymbol\">&#82;&#36;<\/span>59,90<\/bdi><\/span><\/del> <span><span class=\"woocommerce-Price-amount amount\"><bdi><span class=\"woocommerce-Price-currencySymbol\">&#82;&#36;<\/span>49,71<\/bdi><\/span><\/span><\/span>\n<\/a><a href=\"\/pt_br\/wp-json\/wp\/v2\/pages\/13?add-to-cart=23021\" aria-describedby=\"woocommerce_loop_add_to_cart_link_describedby_23021\" data-quantity=\"1\" class=\"special-link product_type_simple ajax_add_to_cart\" data-product_id=\"23021\" data-product_sku=\"\" aria-label=\"Adicione ao carrinho: &ldquo;\u00c9tica, Metaf\u00edsica e P\u00f3s-Modernidade, Ricardo Nunes&rdquo;\" rel=\"nofollow\" data-success_message=\"\u201c\u00c9tica, Metaf\u00edsica e P\u00f3s-Modernidade, Ricardo Nunes\u201d foi adicionado ao seu carrinho\">Comprar<\/a>\t<span id=\"woocommerce_loop_add_to_cart_link_describedby_23021\" class=\"screen-reader-text\">\n\t\t\t<\/span>\n<\/li>\n<li class=\"product type-product post-23016 status-publish onbackorder product_cat-psicanalise product_cat-pre-venda product_cat-biografia product_tag-biografia product_tag-esquizofrenia product_tag-familia product_tag-internacao product_tag-literatura product_tag-meditacao product_tag-memorias product_tag-psicanalise product_tag-psicologia product_tag-psiquiatria product_tag-relatos product_tag-saude has-post-thumbnail sale taxable shipping-taxable purchasable product-type-simple\">\n\t<a href=\"https:\/\/editorapangeia.com.br\/pt_br\/product\/breves-historias-da-minha-esquizofrenia-caue-macedo-parreiras\/\" class=\"woocommerce-LoopProduct-link\"><div class=\"loopProduct-image-wrap\"><div class=\"loopProduct-shadow\"><\/div>\r\n\t<span class=\"onsale\">Sale!<\/span>\r\n<img loading=\"lazy\" decoding=\"async\" width=\"429\" height=\"700\" src=\"https:\/\/editorapangeia.com.br\/wp-content\/uploads\/2026\/08\/FRENTE-Capa-Breves-Historias-da-Minha-Esquizofrenia-429x700.webp\" class=\"attachment-odrin_medium_soft size-odrin_medium_soft\" alt=\"Breves Histo\u0301rias da Minha Esquizofrenia, Cau\u00ea Macedo Parreiras\" srcset=\"https:\/\/editorapangeia.com.br\/wp-content\/uploads\/2026\/08\/FRENTE-Capa-Breves-Historias-da-Minha-Esquizofrenia-429x700.webp 429w, https:\/\/editorapangeia.com.br\/wp-content\/uploads\/2026\/08\/FRENTE-Capa-Breves-Historias-da-Minha-Esquizofrenia-184x300.webp 184w, https:\/\/editorapangeia.com.br\/wp-content\/uploads\/2026\/08\/FRENTE-Capa-Breves-Historias-da-Minha-Esquizofrenia-628x1024.webp 628w, https:\/\/editorapangeia.com.br\/wp-content\/uploads\/2026\/08\/FRENTE-Capa-Breves-Historias-da-Minha-Esquizofrenia-768x1252.webp 768w, https:\/\/editorapangeia.com.br\/wp-content\/uploads\/2026\/08\/FRENTE-Capa-Breves-Historias-da-Minha-Esquizofrenia-7x12.webp 7w, https:\/\/editorapangeia.com.br\/wp-content\/uploads\/2026\/08\/FRENTE-Capa-Breves-Historias-da-Minha-Esquizofrenia-700x1141.webp 700w, https:\/\/editorapangeia.com.br\/wp-content\/uploads\/2026\/08\/FRENTE-Capa-Breves-Historias-da-Minha-Esquizofrenia-245x400.webp 245w, https:\/\/editorapangeia.com.br\/wp-content\/uploads\/2026\/08\/FRENTE-Capa-Breves-Historias-da-Minha-Esquizofrenia-797x1300.webp 797w, https:\/\/editorapangeia.com.br\/wp-content\/uploads\/2026\/08\/FRENTE-Capa-Breves-Historias-da-Minha-Esquizofrenia.webp 834w\" sizes=\"auto, (max-width: 429px) 100vw, 429px\" \/><\/div><h2 class=\"woocommerce-loop-product__title\">Breves Histo\u0301rias da Minha Esquizofrenia, Cau\u00ea Macedo Parreiras<\/h2>\n\t<span class=\"price\"><del><span class=\"woocommerce-Price-amount amount\"><bdi><span class=\"woocommerce-Price-currencySymbol\">&#82;&#36;<\/span>59,90<\/bdi><\/span><\/del> <span><span class=\"woocommerce-Price-amount amount\"><bdi><span class=\"woocommerce-Price-currencySymbol\">&#82;&#36;<\/span>49,71<\/bdi><\/span><\/span><\/span>\n<\/a><a href=\"\/pt_br\/wp-json\/wp\/v2\/pages\/13?add-to-cart=23016\" aria-describedby=\"woocommerce_loop_add_to_cart_link_describedby_23016\" data-quantity=\"1\" class=\"special-link product_type_simple ajax_add_to_cart\" data-product_id=\"23016\" data-product_sku=\"\" aria-label=\"Adicione ao carrinho: &ldquo;Breves Histo\u0301rias da Minha Esquizofrenia, Cau\u00ea Macedo Parreiras&rdquo;\" rel=\"nofollow\" data-success_message=\"\u201cBreves Histo\u0301rias da Minha Esquizofrenia, Cau\u00ea Macedo Parreiras\u201d foi adicionado ao seu carrinho\">Comprar<\/a>\t<span id=\"woocommerce_loop_add_to_cart_link_describedby_23016\" class=\"screen-reader-text\">\n\t\t\t<\/span>\n<\/li>\n<li class=\"product type-product post-22987 status-publish instock product_cat-lancamento product_cat-medicinaenfermagem product_cat-sociologia product_cat-livrosgratis product_tag-ana-paula-silveira product_tag-enfermagem product_tag-extensao product_tag-lasnegra product_tag-patricia-santa-rosa product_tag-universidade product_tag-usp-ribeirao-preto has-post-thumbnail downloadable virtual purchasable product-type-simple\">\n\t<a href=\"https:\/\/editorapangeia.com.br\/pt_br\/product\/entre-livros-e-vozes-memorias-dialogos-e-caminhos-da-lasnegra-patricia-lima-ferreira-santa-rosa-e-ana-paula-silveira-orgs\/\" class=\"woocommerce-LoopProduct-link\"><div class=\"loopProduct-image-wrap\"><div class=\"loopProduct-shadow\"><\/div><img loading=\"lazy\" decoding=\"async\" width=\"469\" height=\"700\" src=\"https:\/\/editorapangeia.com.br\/wp-content\/uploads\/2026\/08\/Capa-469x700.webp\" class=\"attachment-odrin_medium_soft size-odrin_medium_soft\" alt=\"Entre Livros e Vozes: Mem\u00f3rias, Di\u00e1logos e Caminhos da LASNEGRA, Patricia Lima Ferreira Santa Rosa e Ana Paula Silveira (orgs.)\" srcset=\"https:\/\/editorapangeia.com.br\/wp-content\/uploads\/2026\/08\/Capa-469x700.webp 469w, https:\/\/editorapangeia.com.br\/wp-content\/uploads\/2026\/08\/Capa-201x300.webp 201w, https:\/\/editorapangeia.com.br\/wp-content\/uploads\/2026\/08\/Capa-685x1024.webp 685w, https:\/\/editorapangeia.com.br\/wp-content\/uploads\/2026\/08\/Capa-768x1147.webp 768w, https:\/\/editorapangeia.com.br\/wp-content\/uploads\/2026\/08\/Capa-8x12.webp 8w, https:\/\/editorapangeia.com.br\/wp-content\/uploads\/2026\/08\/Capa-700x1046.webp 700w, https:\/\/editorapangeia.com.br\/wp-content\/uploads\/2026\/08\/Capa-268x400.webp 268w, https:\/\/editorapangeia.com.br\/wp-content\/uploads\/2026\/08\/Capa.webp 812w\" sizes=\"auto, (max-width: 469px) 100vw, 469px\" \/><\/div><h2 class=\"woocommerce-loop-product__title\">Entre Livros e Vozes: Mem\u00f3rias, Di\u00e1logos e Caminhos da LASNEGRA, Patricia Lima Ferreira Santa Rosa e Ana Paula Silveira (orgs.)<\/h2>\n\t<span class=\"price\">\t\t\t<span class=\"woocommerce-Price-amount amount font-heading\">\r\n\t\t\t\t<span class=\"woocommerce-Price-amount amount\"><span class=\"woocommerce-Price-currencySymbol\">&#082;&#036;<\/span>0,00<\/span>\t\t\t<\/span>\r\n\t\t\t<\/span>\n<\/a><a href=\"\/pt_br\/wp-json\/wp\/v2\/pages\/13?add-to-cart=22987\" aria-describedby=\"woocommerce_loop_add_to_cart_link_describedby_22987\" data-quantity=\"1\" class=\"special-link product_type_simple ajax_add_to_cart\" data-product_id=\"22987\" data-product_sku=\"\" aria-label=\"Adicione ao carrinho: &ldquo;Entre Livros e Vozes: Mem\u00f3rias, Di\u00e1logos e Caminhos da LASNEGRA, Patricia Lima Ferreira Santa Rosa e Ana Paula Silveira (orgs.)&rdquo;\" rel=\"nofollow\" data-success_message=\"\u201cEntre Livros e Vozes: Mem\u00f3rias, Di\u00e1logos e Caminhos da LASNEGRA, Patricia Lima Ferreira Santa Rosa e Ana Paula Silveira (orgs.)\u201d foi adicionado ao seu carrinho\">Comprar<\/a>\t<span id=\"woocommerce_loop_add_to_cart_link_describedby_22987\" class=\"screen-reader-text\">\n\t\t\t<\/span>\n<\/li>\n<li class=\"product type-product post-22870 status-publish last instock product_cat-lancamento product_cat-haikai product_tag-bilingue product_tag-bucolicos product_tag-espanhol product_tag-haikai product_tag-marcia-neves product_tag-poesia product_tag-portugues product_tag-teluricos has-post-thumbnail sale taxable shipping-taxable purchasable product-type-simple\">\n\t<a href=\"https:\/\/editorapangeia.com.br\/pt_br\/product\/teluricos-marcia-neves\/\" class=\"woocommerce-LoopProduct-link\"><div class=\"loopProduct-image-wrap\"><div class=\"loopProduct-shadow\"><\/div>\r\n\t<span class=\"onsale\">Sale!<\/span>\r\n<img loading=\"lazy\" decoding=\"async\" width=\"427\" height=\"700\" src=\"https:\/\/editorapangeia.com.br\/wp-content\/uploads\/2026\/07\/FRENTE-Capa-Teluricos-427x700.webp\" class=\"attachment-odrin_medium_soft size-odrin_medium_soft\" alt=\"Tel\u00faricos, M\u00e1rcia Neves\" srcset=\"https:\/\/editorapangeia.com.br\/wp-content\/uploads\/2026\/07\/FRENTE-Capa-Teluricos-427x700.webp 427w, https:\/\/editorapangeia.com.br\/wp-content\/uploads\/2026\/07\/FRENTE-Capa-Teluricos-183x300.webp 183w, https:\/\/editorapangeia.com.br\/wp-content\/uploads\/2026\/07\/FRENTE-Capa-Teluricos-625x1024.webp 625w, https:\/\/editorapangeia.com.br\/wp-content\/uploads\/2026\/07\/FRENTE-Capa-Teluricos-768x1259.webp 768w, https:\/\/editorapangeia.com.br\/wp-content\/uploads\/2026\/07\/FRENTE-Capa-Teluricos-7x12.webp 7w, https:\/\/editorapangeia.com.br\/wp-content\/uploads\/2026\/07\/FRENTE-Capa-Teluricos-700x1148.webp 700w, https:\/\/editorapangeia.com.br\/wp-content\/uploads\/2026\/07\/FRENTE-Capa-Teluricos-244x400.webp 244w, https:\/\/editorapangeia.com.br\/wp-content\/uploads\/2026\/07\/FRENTE-Capa-Teluricos-793x1300.webp 793w, https:\/\/editorapangeia.com.br\/wp-content\/uploads\/2026\/07\/FRENTE-Capa-Teluricos.webp 816w\" sizes=\"auto, (max-width: 427px) 100vw, 427px\" \/><\/div><h2 class=\"woocommerce-loop-product__title\">Tel\u00faricos, M\u00e1rcia Neves<\/h2>\n\t<span class=\"price\"><del><span class=\"woocommerce-Price-amount amount\"><bdi><span class=\"woocommerce-Price-currencySymbol\">&#82;&#36;<\/span>54,90<\/bdi><\/span><\/del> <span><span class=\"woocommerce-Price-amount amount\"><bdi><span class=\"woocommerce-Price-currencySymbol\">&#82;&#36;<\/span>49,40<\/bdi><\/span><\/span><\/span>\n<\/a><a href=\"\/pt_br\/wp-json\/wp\/v2\/pages\/13?add-to-cart=22870\" aria-describedby=\"woocommerce_loop_add_to_cart_link_describedby_22870\" data-quantity=\"1\" class=\"special-link product_type_simple ajax_add_to_cart\" data-product_id=\"22870\" data-product_sku=\"\" aria-label=\"Adicione ao carrinho: &ldquo;Tel\u00faricos, M\u00e1rcia Neves&rdquo;\" rel=\"nofollow\" data-success_message=\"\u201cTel\u00faricos, M\u00e1rcia Neves\u201d foi adicionado ao seu carrinho\">Comprar<\/a>\t<span id=\"woocommerce_loop_add_to_cart_link_describedby_22870\" class=\"screen-reader-text\">\n\t\t\t<\/span>\n<\/li>\n<\/ul>\n<\/div>\t\t\r\n\t<\/div><!-- end recent-books-container -->\r\n\t\r\n<\/div> <!-- end RecentBooks --><div id=\"shortcode-6617f128b663d392b917134086a8a590\" class=\"fw-col-xs-12 fw-col-sm-12 fw-col-md-6 text-center hidden-xs hidden-sm\" >\r\n\t<div class=\"shortcode-widget-area\"><div id=\"search-3\" class=\"widget clearfix widget_search\"><h4 class=\"widget-title\">Pesquisar Produto<\/h4><div class=\"SearchForm\">\r\n<form action=\"https:\/\/editorapangeia.com.br\/pt_br\/\" method=\"get\" role=\"search\">\r\n\t<fieldset>\r\n\t\t<div class=\"search-form-wrapper\">\r\n\t\t\t<input type=\"search\" class=\"search-form-input\" name=\"s\"  placeholder=\"Busca...\">\r\n\t\t\t<span class=\"search-form-btn\">\r\n\t\t\t\t<button class=\"btn-search\" type=\"submit\"><i class=\"fas fa-search\"><\/i><\/button>\r\n\t\t\t<\/span>\r\n\t\t<\/div>\r\n\t<\/fieldset>\r\n<\/form>\r\n<\/div><\/div><\/div>\n<\/div>\r\n<div id=\"shortcode-3bbac81b84696e8532bb5487a3947a24\" class=\"fw-col-xs-12 fw-col-sm-12 fw-col-md-6 text-left hidden-xs hidden-sm\" >\r\n\t\r\n\r\n\t\t<a href=\"https:\/\/editorapangeia.com.br\/shop\/\" target=\"_blank\" class=\"shortcode-button btn btn-normal  \" id=\"shortcode-dfc4fa9bb814f4df93b839c687327ec1\" >\r\n\t\t<span>Cat\u00e1logo<\/span>\r\n\t<\/a>\r\n\r\n<\/div>\r\n<div id=\"shortcode-f0dc772e40cc23d9bc5a44fbfaf9003a\" class=\"fw-col-xs-12 fw-col-sm-12 fw-col-md-6 text-center hidden-md hidden-lg \" >\r\n\t<div class=\"shortcode-widget-area\"><div id=\"search-3\" class=\"widget clearfix widget_search\"><h4 class=\"widget-title\">Pesquisar Produto<\/h4><div class=\"SearchForm\">\r\n<form action=\"https:\/\/editorapangeia.com.br\/pt_br\/\" method=\"get\" role=\"search\">\r\n\t<fieldset>\r\n\t\t<div class=\"search-form-wrapper\">\r\n\t\t\t<input type=\"search\" class=\"search-form-input\" name=\"s\"  placeholder=\"Busca...\">\r\n\t\t\t<span class=\"search-form-btn\">\r\n\t\t\t\t<button class=\"btn-search\" type=\"submit\"><i class=\"fas fa-search\"><\/i><\/button>\r\n\t\t\t<\/span>\r\n\t\t<\/div>\r\n\t<\/fieldset>\r\n<\/form>\r\n<\/div><\/div><\/div>\n<\/div>\r\n<div id=\"shortcode-e3716cf916c750900d07c604e9433a92\" class=\"fw-col-xs-12 fw-col-sm-12 fw-col-md-6 text-center hidden-md hidden-lg \" >\r\n\t\r\n\r\n\t\t<a href=\"https:\/\/editorapangeia.com.br\/shop\/\" target=\"_blank\" class=\"shortcode-button btn btn-color  \" id=\"shortcode-84950971a7eace1c77c1c7dadb072d53\" >\r\n\t\t<span>Cat\u00e1logo<\/span>\r\n\t<\/a>\r\n\r\n<\/div>\r\n\r\n\r\n<div class=\"spacer \" id=\"shortcode-2f318ed8191fe1c4283d6479a67a0ecc\"><\/div><div id=\"shortcode-23ccb64524618b38fb71f9de7ebb9a99\" class=\"fw-col-xs-12 fw-col-sm-12 fw-col-md-12 text-left \" >\r\n\t<div class=\"SpecialHeading fw-heading  text-center mt-20 mb-60  \" id=\"shortcode-d8411e046d4dfb0cec4e17e9e057f4f2\" >\r\n\t\t\t\t\t<h3 class=\"special-title special-heading-letter\">Blog Pangeia<\/h3>\t<\/div>\r\n<div class=\"ShortcodeBlog  \" id=\"shortcode-543a964f953e860da65ff1e31b2e4abf\" >\r\n\r\n\r\n\t\r\n\t<div class=\"SimplifiedPosts pos-r is-matchheight-group posts-cols-3 mb-40\">\r\n\t\t\t\t\t\t\r\n\t\r\n\t\t\t\t<div class=\"simplified-post-wrapper mb-40\">\r\n\t\t\t<a href=\"https:\/\/editorapangeia.com.br\/pt_br\/inscreva-se-para-a-feira-na-biblioteca-zink\/\">\r\n\t\t\t\t\t\t\t\t\t\t\t\t\t<img decoding=\"async\" src=\"https:\/\/editorapangeia.com.br\/wp-content\/uploads\/2026\/07\/FELIZ_Capa_do_Blog-700x350.webp\">\r\n\t\t\t\t\t\t\t\t\t\t<div class=\"simplified-post-meta\">\r\n\t\t\t\t\t<div class=\"ElementHeading text-center\">\r\n\t\t\t\t\t\t<h4 class=\"element-title\">INSCREVA-SE PARA A FEIRA NA BIBLIOTECA ZINK<\/h4>\r\n\t\t\t\t\t<\/div> <!-- end ElementHeading -->\r\n\t\t\t\t\t\t\t\t\t\t\t<div class=\"simplified-post-excerpt text-left\">\r\n\t\t\t\t\t\t\tTodos que amam e que trabalham com literatura est\u00e3o convidados para participar da FELIZ \u2013 Feira de Literatura Infantojuvenil na Zink, que ocorre dias 16...\t\t\t\t\t\t<\/div>\r\n\t\t\t\t\t\t\t\t\t\t<div class=\"simplified-post-date\"><span>setembro 3, 2026<\/span><\/div>\r\n\t\t\t\t\t<div class=\"simplified-post-read-more text-right\"><span class=\"special-subtitle-type-2\">Leia Mais<\/span><\/div>\r\n\t\t\t\t<\/div>\r\n\t\t\t<\/a>\r\n\t\t<\/div> <!-- end simplified-post-meta -->\r\n\r\n\t\r\n\t\t\t\t<div class=\"simplified-post-wrapper mb-40\">\r\n\t\t\t<a href=\"https:\/\/editorapangeia.com.br\/pt_br\/liev-rodrigues-fala-das-ilustracoes-de-amado-gato\/\">\r\n\t\t\t\t\t\t\t\t\t\t\t\t\t<img decoding=\"async\" src=\"https:\/\/editorapangeia.com.br\/wp-content\/uploads\/2026\/06\/Papo-700x350.webp\">\r\n\t\t\t\t\t\t\t\t\t\t<div class=\"simplified-post-meta\">\r\n\t\t\t\t\t<div class=\"ElementHeading text-center\">\r\n\t\t\t\t\t\t<h4 class=\"element-title\">Liev Rodrigues fala das ilustra\u00e7\u00f5es de &#8220;Amado Gato&#8221;<\/h4>\r\n\t\t\t\t\t<\/div> <!-- end ElementHeading -->\r\n\t\t\t\t\t\t\t\t\t\t\t<div class=\"simplified-post-excerpt text-left\">\r\n\t\t\t\t\t\t\tAmado Gato, livro infantojuvenil de Rauer com ilustra\u00e7\u00f5es de Liev Rodrigues e diagrama\u00e7\u00e3o da designer Lily Momisso, pedagoga pela Unicamp, est\u00e1 em pr\u00e9-venda, AQUI. O...\t\t\t\t\t\t<\/div>\r\n\t\t\t\t\t\t\t\t\t\t<div class=\"simplified-post-date\"><span>setembro 2, 2026<\/span><\/div>\r\n\t\t\t\t\t<div class=\"simplified-post-read-more text-right\"><span class=\"special-subtitle-type-2\">Leia Mais<\/span><\/div>\r\n\t\t\t\t<\/div>\r\n\t\t\t<\/a>\r\n\t\t<\/div> <!-- end simplified-post-meta -->\r\n\r\n\t\r\n\t\t\t\t<div class=\"simplified-post-wrapper mb-40\">\r\n\t\t\t<a href=\"https:\/\/editorapangeia.com.br\/pt_br\/feliz-participe-da-feira-na-zink-preencha-o-formulario\/\">\r\n\t\t\t\t\t\t\t\t\t\t\t\t\t<img decoding=\"async\" src=\"https:\/\/editorapangeia.com.br\/wp-content\/uploads\/2026\/07\/FELIZ_Capa_do_Blog-700x350.webp\">\r\n\t\t\t\t\t\t\t\t\t\t<div class=\"simplified-post-meta\">\r\n\t\t\t\t\t<div class=\"ElementHeading text-center\">\r\n\t\t\t\t\t\t<h4 class=\"element-title\">FELIZ: participe da Feira na Zink \u2013 preencha o formul\u00e1rio<\/h4>\r\n\t\t\t\t\t<\/div> <!-- end ElementHeading -->\r\n\t\t\t\t\t\t\t\t\t\t\t<div class=\"simplified-post-excerpt text-left\">\r\n\t\t\t\t\t\t\tFEIRA DE LITERATURA INFANTOJUVENIL NA ZINK A FELIZ \u2013 Feira Liter\u00e1ria Infantojuvenil na Zink\u00a0\u00e9 um evento cultural que se realizar\u00e1 neste ano de 2026 na...\t\t\t\t\t\t<\/div>\r\n\t\t\t\t\t\t\t\t\t\t<div class=\"simplified-post-date\"><span>setembro 1, 2026<\/span><\/div>\r\n\t\t\t\t\t<div class=\"simplified-post-read-more text-right\"><span class=\"special-subtitle-type-2\">Leia Mais<\/span><\/div>\r\n\t\t\t\t<\/div>\r\n\t\t\t<\/a>\r\n\t\t<\/div> <!-- end simplified-post-meta -->\r\n\r\n\t\r\n\t\r\n\t<\/div> <!-- end SimplifiedPosts -->\r\n\r\n\t\r\n\t\t\t\t\t<div class=\"blog-show-more special-link text-right\">\r\n\t\t\t<a href=\"https:\/\/editorapangeia.com.br\/pt_br\/blog\/\">Ver Tudo<\/a>\r\n\t\t<\/div>\r\n\t\t\t\r\n<\/div> <!-- end ShortcodeBlog --><\/div>\r\n\t\t<\/div>\r\n\t<\/div>\r\n\t<\/section>\r\n\r\n<section class=\"pos-r section-light is-parallax hidden-xs hidden-sm \"  id=\"shortcode-fb1ca63d24c5ea6e3557b55d18da88b1\" >\r\n\t\t\t<div class=\"overlay-color\"><\/div>\r\n\t\t<div class=\"fw-container-full\">\r\n\t\t<div class=\"fw-row\">\r\n\t\t\t<div id=\"shortcode-5d5b215433ab3a06ce63c834774f3d48\" class=\"fw-col-xs-12 fw-col-sm-12 fw-col-md-6 text-center \" >\r\n\t<div class=\"SpecialHeading fw-heading  text-center mt-20 mb-60  \" id=\"shortcode-ee1a3be3476c19cfb92404b035dfdd49\" >\r\n\t\t\t\t\t<h5 class=\"special-title special-heading-letter\">Publique o seu livro<\/h5>\t\t<div class=\"special-subtitle\">Saiba como funciona a Pangeia, editora vencedora do Pr\u00eamio Jabuti Acad\u00eamico 2024<\/div>\r\n\t<\/div>\r\n\r\n\t\t<a href=\"\/publique\/\" target=\"_blank\" class=\"shortcode-button btn btn-color  \" id=\"shortcode-7562783677d4056b54bf384461bfaa6d\" >\r\n\t\t<span>Como Publicar<\/span>\r\n\t<\/a>\r\n\r\n<\/div>\r\n<div id=\"shortcode-a76f62254889d9cd790325dce6233dce\" class=\"fw-col-xs-12 fw-col-sm-12 fw-col-md-6 text-left \" >\r\n\t\r\n\r\n<div class=\"TextBlock  \" id=\"shortcode-2cd931d58c23123f732edff9831fe865\" >\r\n\t<blockquote><p style=\"text-align: left;\"><span style=\"color: #ffffff;\">N\u00f3s transformamos sua pesquisa, artigos, TCC, disserta\u00e7\u00e3o ou tese em livro, seguindo os mais exigentes padr\u00f5es acad\u00eamicos, para voc\u00ea obter reconhecimento e notoriedade profissional em avalia\u00e7\u00f5es internas e alta pontua\u00e7\u00e3o em concursos. <\/span><span style=\"color: #ffffff;\"><span style=\"color: #99ccff;\"><a style=\"color: #99ccff;\" href=\"mailto:publiqueconosco@editorapangeia.com.br\">Consulte condi\u00e7\u00f5es especiais: publiqueconosco@editorapangeia.com.br<\/a><\/span><br \/><\/span><\/p><\/blockquote><\/div><\/div>\r\n\t\t<\/div>\r\n\t<\/div>\r\n\t<\/section>\r\n\r\n<section class=\"pos-r section-light is-parallax hidden-md hidden-lg  \"  id=\"shortcode-33ab73ef0025c1aa8c132bba0d6a69c9\" >\r\n\t\t\t<div class=\"overlay-color\"><\/div>\r\n\t\t<div class=\"fw-container-full\">\r\n\t\t<div class=\"fw-row\">\r\n\t\t\t<div id=\"shortcode-01519135db8de118628b8b359abbccac\" class=\"fw-col-xs-12 fw-col-sm-12 fw-col-md-12 text-center \" >\r\n\t<div class=\"SpecialHeading fw-heading  text-center mt-20 mb-60  \" id=\"shortcode-29918f96f00f1592d5c65a735e81a1c2\" >\r\n\t\t\t\t\t<h5 class=\"special-title special-heading-letter\">Publique o seu livro<\/h5>\t\t<div class=\"special-subtitle\">Saiba como funciona a Pangeia, vencedora do Pr\u00eamio Jabuti Acad\u00eamico 2024<\/div>\r\n\t<\/div>\r\n\r\n<div class=\"TextBlock  \" id=\"shortcode-d2b7414763e2e42c146ec26546e946d5\" >\r\n\t<h3 style=\"text-align: left;\"><span style=\"color: #ffffff;\">N\u00f3s transformamos sua pesquisa, artigos, TCC, disserta\u00e7\u00e3o ou tese em livro, seguindo os mais exigentes padr\u00f5es acad\u00eamicos, para voc\u00ea obter reconhecimento e notoriedade profissional em avalia\u00e7\u00f5es internas e alta pontua\u00e7\u00e3o em concursos.<\/span><\/h3><p style=\"text-align: center;\"><strong><span style=\"color: #99ccff;\"><a style=\"color: #99ccff;\" href=\"mailto:publiqueconosco@editorapangeia.com.br\">Consulte condi\u00e7\u00f5es especiais: publiqueconosco@editorapangeia.com.br<\/a><\/span><\/strong><\/p><\/div>\r\n\r\n\t\t<a href=\"\/publique\/\" target=\"_blank\" class=\"shortcode-button btn btn-color  \" id=\"shortcode-ccf56fd84fcc83e87cda9d22ab9fdc02\" >\r\n\t\t<span>Como Publicar<\/span>\r\n\t<\/a>\r\n\r\n<\/div>\r\n\t\t<\/div>\r\n\t<\/div>\r\n\t<\/section>\r\n<\/p>\n","protected":false},"excerpt":{"rendered":"","protected":false},"author":1,"featured_media":0,"parent":0,"menu_order":0,"comment_status":"closed","ping_status":"closed","template":"","meta":{"footnotes":""},"class_list":["post-13","page","type-page","status-publish","hentry"],"_links":{"self":[{"href":"https:\/\/editorapangeia.com.br\/pt_br\/wp-json\/wp\/v2\/pages\/13","targetHints":{"allow":["GET"]}}],"collection":[{"href":"https:\/\/editorapangeia.com.br\/pt_br\/wp-json\/wp\/v2\/pages"}],"about":[{"href":"https:\/\/editorapangeia.com.br\/pt_br\/wp-json\/wp\/v2\/types\/page"}],"author":[{"embeddable":true,"href":"https:\/\/editorapangeia.com.br\/pt_br\/wp-json\/wp\/v2\/users\/1"}],"replies":[{"embeddable":true,"href":"https:\/\/editorapangeia.com.br\/pt_br\/wp-json\/wp\/v2\/comments?post=13"}],"version-history":[{"count":371,"href":"https:\/\/editorapangeia.com.br\/pt_br\/wp-json\/wp\/v2\/pages\/13\/revisions"}],"predecessor-version":[{"id":20676,"href":"https:\/\/editorapangeia.com.br\/pt_br\/wp-json\/wp\/v2\/pages\/13\/revisions\/20676"}],"wp:attachment":[{"href":"https:\/\/editorapangeia.com.br\/pt_br\/wp-json\/wp\/v2\/media?parent=13"}],"curies":[{"name":"wp","href":"https:\/\/api.w.org\/{rel}","templated":true}]}}